{"id":637,"date":"2021-02-12T11:32:31","date_gmt":"2021-02-12T10:32:31","guid":{"rendered":"http:\/\/freunde-fluechtlingssolidaritaet.org\/?page_id=637"},"modified":"2024-09-23T12:42:15","modified_gmt":"2024-09-23T10:42:15","slug":"bauen-wir-starke-ketten-der-solidaritaet-im-kampf-gegen-abschiebungen-auf","status":"publish","type":"page","link":"https:\/\/freunde-fluechtlingssolidaritaet.org\/uk\/%d0%bf%d1%80%d0%b5%d1%81\/bauen-wir-starke-ketten-der-solidaritaet-im-kampf-gegen-abschiebungen-auf","title":{"rendered":"\u0411\u0443\u0434\u0443\u0439\u043c\u043e \u043c\u0456\u0446\u043d\u0456 \u043b\u0430\u043d\u0446\u044e\u0433\u0438 \u0441\u043e\u043b\u0456\u0434\u0430\u0440\u043d\u043e\u0441\u0442\u0456 \u0432 \u0431\u043e\u0440\u043e\u0442\u044c\u0431\u0456 \u0437 \u0434\u0435\u043f\u043e\u0440\u0442\u0430\u0446\u0456\u044f\u043c\u0438"},"content":{"rendered":"<p>\u0414\u0440\u0443\u0437\u0456 \u0441\u043e\u043b\u0456\u0434\u0430\u0440\u043d\u043e\u0441\u0442\u0456 \u0431\u0456\u0436\u0435\u043d\u0446\u0456\u0432, \u043b\u0438\u043f\u0435\u043d\u044c 2020 \u0440<\/p>\n\n\n\n<p><\/p>\n\n\n\n<p>\u041f\u043e\u0441\u0438\u043b\u0435\u043d\u043d\u044f \u0434\u0435\u043f\u043e\u0440\u0442\u0430\u0446\u0456\u0439 \u0454 \u0447\u0430\u0441\u0442\u0438\u043d\u043e\u044e \u0440\u0435\u0430\u043a\u0446\u0456\u0439\u043d\u043e\u0457 \u043f\u043e\u043b\u0456\u0442\u0438\u043a\u0438 \u0424\u0420\u041d \u0449\u043e\u0434\u043e \u0431\u0456\u0436\u0435\u043d\u0446\u0456\u0432. \u0411\u0443\u0434\u0443\u0439\u043c\u043e \u043c\u0456\u0446\u043d\u0456\u0448\u0456 \u043b\u0430\u043d\u0446\u044e\u0433\u0438 \u0441\u043e\u043b\u0456\u0434\u0430\u0440\u043d\u043e\u0441\u0442\u0456.<\/p>\n\n\n\n<ol class=\"wp-block-list\"><li>\u0417\u0430\u0446\u0456\u043a\u0430\u0432\u043b\u0435\u043d\u0430 \u043e\u0441\u043e\u0431\u0430 \u0437\u043d\u0430\u0445\u043e\u0434\u0438\u0442\u044c\u0441\u044f \u0432 \u0446\u0435\u043d\u0442\u0440\u0456 \u0443\u0432\u0430\u0433\u0438. \u0412\u0456\u043d\/\u0432\u043e\u043d\u0430 \u2014 \u0432\u0430\u0448 \u043d\u0430\u0439\u0441\u0438\u043b\u044c\u043d\u0456\u0448\u0438\u0439 \u043a\u043e\u0437\u0438\u0440, \u0437 \u0439\u043e\u0433\u043e\/\u0457\u0457 \u043f\u0435\u0440\u0441\u043e\u043d\u043e\u044e, \u0432\u0430\u0448\u0438\u043c\u0438 \u043f\u0440\u0438\u0447\u0438\u043d\u0430\u043c\u0438 \u0432\u0442\u0435\u0447\u0456, \u0432\u0430\u0448\u0438\u043c\u0438 \u0446\u0456\u043b\u044f\u043c\u0438. \u041c\u0430\u0431\u0443\u0442\u044c, \u0432\u0456\u043d\/\u0432\u043e\u043d\u0430 \u0441\u0430\u043c \u0445\u043e\u0442\u0456\u0432 \u0432\u0441\u0442\u0443\u043f\u0438\u0442\u0438 \u0432 \u0431\u0456\u0439.<\/li><li>\u042f\u043a\u0449\u043e \u043e\u0433\u043e\u043b\u043e\u0448\u0435\u043d\u043e \u043f\u0440\u043e \u0434\u0435\u043f\u043e\u0440\u0442\u0430\u0446\u0456\u044e, \u043d\u0435\u043e\u0431\u0445\u0456\u0434\u043d\u043e \u044f\u043a\u043e\u043c\u043e\u0433\u0430 \u0442\u043e\u0447\u043d\u0456\u0448\u0435 \u043e\u0446\u0456\u043d\u0438\u0442\u0438 \u043a\u043e\u043d\u043a\u0440\u0435\u0442\u043d\u0438\u0439 \u0440\u0438\u0437\u0438\u043a \u0434\u0435\u043f\u043e\u0440\u0442\u0430\u0446\u0456\u0457. \u041c\u0438 \u0434\u043e\u043f\u043e\u043c\u0430\u0433\u0430\u0454\u043c\u043e \u043d\u0430\u0434\u0430\u0442\u0438 \u0434\u043e\u043a\u0443\u043c\u0435\u043d\u0442\u0438 \u0432 \u043f\u043e\u0440\u044f\u0434\u043a\u0443 \u0434\u043b\u044f \u043d\u0435\u0433\u0430\u0439\u043d\u043e\u0457 \u044e\u0440\u0438\u0434\u0438\u0447\u043d\u043e\u0457 \u043a\u043e\u043d\u0441\u0443\u043b\u044c\u0442\u0430\u0446\u0456\u0457.<\/li><li>\u00d6ffentlichkeitsarbeit ist Trumpf, sie beginnt sofort, nach der ersten juristischen Absprache und hat vielseitige M\u00f6glichkeiten.<ul><li>Wir erstellt m\u00f6glichst fr\u00fch einen Presseverteiler, der st\u00e4ndig erweitert wird, auch mit namhaften Personen vor Ort und kn\u00fcpfen pers\u00f6nliche Kontakte zu Presse. Legen fest, wer die Pressearbeit macht<\/li><li>planen Aktionen in der \u00d6ffentlichkeit, bei der \u00fcber Fluchtgr\u00fcnde, Lage im Herkunftsland, pers\u00f6nliche Situation des Betroffenen aufkl\u00e4rt wird und greifen die reaktion\u00e4re Fl\u00fcchtlingspolitik an<\/li><\/ul><\/li><\/ol>\n\n\n\n<ul class=\"wp-block-list\"><li>Unterschrifteinsammlungen auf der Stra\u00dfe, vor Schulen, Betrieben etc., auch online \u00fcber Petitionsportale, mit der wir selbst aktiv arbeiten<\/li><\/ul>\n\n\n\n<ol class=\"wp-block-list\"><li>Entwickeln konkrete k\u00e4mpferische Aktionen<\/li><\/ol>\n\n\n\n<ul class=\"wp-block-list\"><li>Mahnwachen (\u201eZelt der Solidarit\u00e4t\u201c) mit festgelegten Zeiten, je nach Lage auch 24 Stunden vor einer Sammelunterkunft, an \u00f6ffentlichen Pl\u00e4tzen, wo Leute hinkommen, ihre Solidarit\u00e4t ausdr\u00fccken und sich informieren k\u00f6nnen,<ul><li>Protest an Abflugh\u00e4fen organisieren: keine Abschiebung darf unwidersprochen hingenommen werden! Wir sind nicht einverstanden! Hier geschieht eine Menschenrechtsverletzung!<\/li><\/ul><\/li><\/ul>\n\n\n\n<ol class=\"wp-block-list\"><li>konkrete, exakte Forderungen aufstellen, die auch den Bezug zur gesamten Fl\u00fcchtlingspolitik herstellen.<\/li><li>Informations- und Telefonketten bilden. Die Telefonkette muss f\u00fcr jeden Betroffenen bis zu Ende festgelegt, aber doppelt gesichert werden.<\/li><li>Der Betroffene muss eine erste vertrauensw\u00fcrdige und jederzeit erreichbaren Kontaktperson haben. Besondere Hilfe und Training gegen Angst, Schlafst\u00f6rungen, Panikattacken.<\/li><li>Wir helfen bei der Suche nach demokratisch, internationalistisch eingestellten Anw\u00e4lten und<br>helfen mit, ein Netz von fortschrittlichen Anw\u00e4lten und \u00c4rzten aufzubauen.<\/li><li>Solidarit\u00e4t ist Trumpf, nur organisiert ist ein Kampf gegen eine Abschiebung m\u00f6glich. Gr\u00fcndet ggf. einen \u00f6rtlichen Freundeskreis Fl\u00fcchtlingssolidarit\u00e4t, sucht B\u00fcndnispartner und Verb\u00fcndete. Das k\u00f6nnen sein, Freunde, Jugendliche und Jugendverb\u00e4nde, Arbeitskollegen, Sportfreunde, Kirchengeneiden, Gewerkschaften, k\u00e4mpferische Frauenorganisationen,\u2026\u2026\u2026<\/li><li>Informiert den Freundeskreis Fl\u00fcchtlingssolidarit\u00e4t \u00fcber die Entwicklung um ggf. auch bundesweit agieren zu k\u00f6nnen.<\/li><li>Jeder Kampf gegen eine Abschiebung kostet Geld, ob Anwaltskosten, Flugblatt drucken, Fahrkosten, jede Aktivit\u00e4t muss mit einer aktiven Spendensammlung verbunden werden, um die anfallenden Kosten eigenst\u00e4ndig finanzieren zu k\u00f6nnen.<\/li><li>Grunds\u00e4tzlich gilt, dass fr\u00fchestens nach 10 Tagen nach einem Abschiebebescheid, es zur Abschiebung kommt! Die Taktik des \u201eTag X\u201c ist bew\u00e4hrte Methode sich generalstabsm\u00e4\u00dfig auf Situation vorzubereiten mit vorher exakt verankertem Ort und Uhrzeit.<\/li><li>Wir m\u00fcssen Standorte von Abschiebegef\u00e4ngnisse in der Region kennen.<\/li><li>Nicht jede Abschiebung kann verhindert werden \u2013 in jedem Land der Welt kann und muss der Kampf fortgesetzt werden, wir halten Kontakt!<\/li><li>Je nachdem in welches Land abgeschoben wird, kl\u00e4ren wir vorher, ob pers\u00f6nliche Kontakte des Freundeskreis in dem Land, den Betroffenen empfangen k\u00f6nnen und f\u00fcr eine vereinbarte Zeit dort zun\u00e4chst unter kommen, bzw. unterst\u00fctzt werden k\u00f6nnen.<\/li><\/ol>","protected":false},"excerpt":{"rendered":"<p>Freundeskreis Fl\u00fcchtlingssolidarit\u00e4t Juli 2020 Es ist Bestandteil der reaktion\u00e4ren Fl\u00fcchtlingspolitik der BRD Abschiebungen zu verst\u00e4rken. Bauen wir st\u00e4rkere Ketten der Solidarit\u00e4t auf. Der\/die Betroffene stehen&hellip;<\/p>","protected":false},"author":12,"featured_media":0,"parent":32,"menu_order":0,"comment_status":"open","ping_status":"closed","template":"","meta":{"_price":"","_stock":"","_tribe_ticket_header":"","_tribe_default_ticket_provider":"","_tribe_ticket_capacity":"0","_ticket_start_date":"","_ticket_end_date":"","_tribe_ticket_show_description":"","_tribe_ticket_show_not_going":false,"_tribe_ticket_use_global_stock":"","_tribe_ticket_global_stock_level":"","_global_stock_mode":"","_global_stock_cap":"","_tribe_rsvp_for_event":"","_tribe_ticket_going_count":"","_tribe_ticket_not_going_count":"","_tribe_tickets_list":"[]","_tribe_ticket_has_attendee_info_fields":false,"_EventAllDay":false,"_EventTimezone":"","_EventStartDate":"","_EventEndDate":"","_EventStartDateUTC":"","_EventEndDateUTC":"","_EventShowMap":false,"_EventShowMapLink":false,"_EventURL":"","_EventCost":"","_EventCostDescription":"","_EventCurrencySymbol":"","_EventCurrencyCode":"","_EventCurrencyPosition":"","_EventDateTimeSeparator":"","_EventTimeRangeSeparator":"","_EventOrganizerID":[],"_EventVenueID":[],"_OrganizerEmail":"","_OrganizerPhone":"","_OrganizerWebsite":"","_VenueAddress":"","_VenueCity":"","_VenueCountry":"","_VenueProvince":"","_VenueState":"","_VenueZip":"","_VenuePhone":"","_VenueURL":"","_VenueStateProvince":"","_VenueLat":"","_VenueLng":"","_VenueShowMap":false,"_VenueShowMapLink":false,"_themeisle_gutenberg_block_has_review":false,"footnotes":"","_tec_slr_enabled":"","_tec_slr_layout":""},"class_list":["post-637","page","type-page","status-publish","hentry"],"ticketed":false,"_links":{"self":[{"href":"https:\/\/freunde-fluechtlingssolidaritaet.org\/uk\/wp-json\/wp\/v2\/pages\/637","targetHints":{"allow":["GET"]}}],"collection":[{"href":"https:\/\/freunde-fluechtlingssolidaritaet.org\/uk\/wp-json\/wp\/v2\/pages"}],"about":[{"href":"https:\/\/freunde-fluechtlingssolidaritaet.org\/uk\/wp-json\/wp\/v2\/types\/page"}],"author":[{"embeddable":true,"href":"https:\/\/freunde-fluechtlingssolidaritaet.org\/uk\/wp-json\/wp\/v2\/users\/12"}],"replies":[{"embeddable":true,"href":"https:\/\/freunde-fluechtlingssolidaritaet.org\/uk\/wp-json\/wp\/v2\/comments?post=637"}],"version-history":[{"count":1,"href":"https:\/\/freunde-fluechtlingssolidaritaet.org\/uk\/wp-json\/wp\/v2\/pages\/637\/revisions"}],"predecessor-version":[{"id":638,"href":"https:\/\/freunde-fluechtlingssolidaritaet.org\/uk\/wp-json\/wp\/v2\/pages\/637\/revisions\/638"}],"up":[{"embeddable":true,"href":"https:\/\/freunde-fluechtlingssolidaritaet.org\/uk\/wp-json\/wp\/v2\/pages\/32"}],"wp:attachment":[{"href":"https:\/\/freunde-fluechtlingssolidaritaet.org\/uk\/wp-json\/wp\/v2\/media?parent=637"}],"curies":[{"name":"wp","href":"https:\/\/api.w.org\/{rel}","templated":true}]}}